{"id":10,"date":"2023-01-30T07:44:58","date_gmt":"2023-01-30T07:44:58","guid":{"rendered":"https:\/\/candidaturamisteri.zeus.umh.es\/presentacion\/"},"modified":"2023-02-08T09:07:58","modified_gmt":"2023-02-08T08:07:58","slug":"home","status":"publish","type":"page","link":"https:\/\/candidaturamisteri.umh.es\/es\/","title":{"rendered":"Home"},"content":{"rendered":"<p>[et_pb_section fb_built=\u00bb1&#8243; _builder_version=\u00bb4.17.4&#8243; _module_preset=\u00bbdefault\u00bb min_height=\u00bb2889.1px\u00bb custom_margin=\u00bb||-183px|||\u00bb custom_padding=\u00bb||106px|||\u00bb global_colors_info=\u00bb{}\u00bb][et_pb_row _builder_version=\u00bb4.17.4&#8243; _module_preset=\u00bbdefault\u00bb width=\u00bb79%\u00bb custom_padding=\u00bb||11px|||\u00bb global_colors_info=\u00bb{}\u00bb][et_pb_column type=\u00bb4_4&#8243; _builder_version=\u00bb4.17.4&#8243; _module_preset=\u00bbdefault\u00bb global_colors_info=\u00bb{}\u00bb][et_pb_text _builder_version=\u00bb4.17.4&#8243; _module_preset=\u00bbdefault\u00bb text_font=\u00bbABeeZee||||||||\u00bb text_text_color=\u00bb#000000&#8243; text_font_size=\u00bb74px\u00bb text_line_height=\u00bb1em\u00bb min_height=\u00bb267px\u00bb custom_margin=\u00bb||32px|||\u00bb text_font_size_tablet=\u00bb74px\u00bb text_font_size_phone=\u00bb74px\u00bb text_font_size_last_edited=\u00bbon|desktop\u00bb global_colors_info=\u00bb{}\u00bb]<\/p>\n<p style=\"text-align: center\">Candidatura del Misteri d\u2019Elx al Premio Princesa de Asturias de las Artes 2023<\/p>\n<p>[\/et_pb_text][et_pb_text _builder_version=\u00bb4.17.4&#8243; _module_preset=\u00bbdefault\u00bb text_text_color=\u00bb#000000&#8243; text_font_size=\u00bb18px\u00bb min_height=\u00bb275.4px\u00bb custom_margin=\u00bb||-56px|||\u00bb custom_padding=\u00bb||0px|||\u00bb global_colors_info=\u00bb{}\u00bb]<\/p>\n<p style=\"text-align: center\">La Universidad Miguel Hern\u00e1ndez (UMH) de Elche, a trav\u00e9s de la C\u00e1tedra del Misteri d&#8217;Elx, presenta la candidatura del <em>Misteri d&#8217;Elx<\/em> al <strong>Premio de la Fundaci\u00f3n Princesa de Asturias de las Artes 2023.<\/strong><\/p>\n<p style=\"text-align: center\"><span>El expediente de la candidatura recoge <strong>el valor singular de la propia obra<\/strong>, en la que se funden el teatro, la m\u00fasica, la lengua, la organizaci\u00f3n, la religi\u00f3n y la arquitectura. Adem\u00e1s, destaca la conexi\u00f3n del drama sacro-l\u00edrico con Elche y su ciudadan\u00eda; y aporta la <em>Ley del Mister<\/em>i, ya que es la \u00fanica fiesta en Espa\u00f1a con una Ley propia. Incluye, tambi\u00e9n, <strong>la presencia del Misteri distintos campos culturales y cient\u00edficos<\/strong> como: pintura, literatura (prosa y poes\u00eda), escultura, m\u00fasica, publicaciones de investigaci\u00f3n y de divulgaci\u00f3n, documentales, cine y televisi\u00f3n, as\u00ed como en los medios de comunicaci\u00f3n.<\/span><\/p>\n<p style=\"text-align: center\"><span><\/span><\/p>\n<p style=\"text-align: center\"><span>Con este acto, la Universidad inicia una campa\u00f1a para recabar adhesiones entre la sociedad.<\/span><\/p>\n<p style=\"text-align: center\"><span><\/span><\/p>\n<p style=\"text-align: center\"><span><\/span><\/p>\n<p style=\"text-align: center\"><strong>\u00bfC\u00f3mo puedes apoyar la candidatura?<\/strong><span><\/span><\/p>\n<p style=\"text-align: center\">1. Descarga el documento que encontrar\u00e1s a continuaci\u00f3n<br \/>2.Cumplim\u00e9ntalo con tus datos y rese\u00f1a un motivo por el cual \u00abLa Festa o Misteri d&#8217;Elx\u00bb sea merecedora de este premio<br \/>3. Puedes firmarlo con firma digital o con firma manuscrita y escanearlo<br \/>4. Env\u00eda tu documento de apoyo al correo <strong>ppamisteri@umh.es<\/strong><span><\/span><\/p>\n<p style=\"text-align: center\"><span><\/span><\/p>\n<p style=\"text-align: center\"><span><\/span><\/p>\n<p style=\"text-align: center\"><span><\/span><\/p>\n<p>&nbsp;<\/p>\n<p>[\/et_pb_text][et_pb_button button_url=\u00bbhttps:\/\/candidaturamisteri.umh.es\/files\/2023\/02\/NOTA-PREMIO-PRINCESA_CAS-1.pdf\u00bb url_new_window=\u00bbon\u00bb button_text=\u00bbFormulario de apoyo a la candidatura del Misteri d&#8217;Elx\u00bb button_alignment=\u00bbcenter\u00bb _builder_version=\u00bb4.17.4&#8243; _module_preset=\u00bbdefault\u00bb custom_button=\u00bbon\u00bb button_text_color=\u00bb#FFFFFF\u00bb button_bg_color=\u00bb#fbca31&#8243; button_border_width=\u00bb0px\u00bb button_border_color=\u00bb#FFFFFF\u00bb custom_margin=\u00bb49px|||||\u00bb global_colors_info=\u00bb{}\u00bb][\/et_pb_button][et_pb_button button_url=\u00bbhttps:\/\/candidaturamisteri.umh.es\/files\/2023\/02\/NOTA-MISTERI-PRINCESA-DE-ASTURIAS_ENGLISH.pdf\u00bb url_new_window=\u00bbon\u00bb button_text=\u00bbSupport form for the candidacy of the Misteri d&#8217;Elx\u00bb button_alignment=\u00bbcenter\u00bb _builder_version=\u00bb4.17.4&#8243; _module_preset=\u00bbdefault\u00bb custom_button=\u00bbon\u00bb button_text_color=\u00bb#FFFFFF\u00bb button_bg_color=\u00bb#fbca31&#8243; button_border_width=\u00bb0px\u00bb button_border_color=\u00bb#FFFFFF\u00bb custom_margin=\u00bb49px|||||\u00bb global_colors_info=\u00bb{}\u00bb][\/et_pb_button][\/et_pb_column][\/et_pb_row][et_pb_row _builder_version=\u00bb4.17.4&#8243; _module_preset=\u00bbdefault\u00bb custom_padding=\u00bb98px|||||\u00bb global_colors_info=\u00bb{}\u00bb][et_pb_column type=\u00bb4_4&#8243; _builder_version=\u00bb4.17.4&#8243; _module_preset=\u00bbdefault\u00bb global_colors_info=\u00bb{}\u00bb][et_pb_text _builder_version=\u00bb4.17.4&#8243; _module_preset=\u00bbdefault\u00bb text_font=\u00bbAlegreya Sans|700|||||||\u00bb text_text_color=\u00bb#fbca31&#8243; text_font_size=\u00bb42px\u00bb custom_margin=\u00bb||-51px|||\u00bb custom_padding=\u00bb0px||106px|||\u00bb global_colors_info=\u00bb{}\u00bb]<\/p>\n<p style=\"text-align: center\">Un tesoro cultural ilicitano<\/p>\n<p>[\/et_pb_text][et_pb_video src=\u00bbhttps:\/\/www.youtube.com\/watch?v=WTXcsYOGbH0&amp;feature=youtu.be\u00bb _builder_version=\u00bb4.17.4&#8243; _module_preset=\u00bbdefault\u00bb width=\u00bb78%\u00bb max_width=\u00bb77%\u00bb module_alignment=\u00bbcenter\u00bb custom_margin=\u00bb||97px|||\u00bb global_colors_info=\u00bb{}\u00bb][\/et_pb_video][et_pb_text _builder_version=\u00bb4.17.4&#8243; _module_preset=\u00bbdefault\u00bb text_font=\u00bbAlegreya Sans|700|||||||\u00bb text_text_color=\u00bb#fbca31&#8243; text_font_size=\u00bb42px\u00bb custom_margin=\u00bb||-78px|||\u00bb custom_padding=\u00bb38px||88px|||\u00bb global_colors_info=\u00bb{}\u00bb]<\/p>\n<p style=\"text-align: center\">El valor singular de esta obra<\/p>\n<p>[\/et_pb_text][\/et_pb_column][\/et_pb_row][et_pb_row column_structure=\u00bb2_5,3_5&#8243; _builder_version=\u00bb4.17.4&#8243; _module_preset=\u00bbdefault\u00bb global_colors_info=\u00bb{}\u00bb][et_pb_column type=\u00bb2_5&#8243; _builder_version=\u00bb4.17.4&#8243; _module_preset=\u00bbdefault\u00bb global_colors_info=\u00bb{}\u00bb][et_pb_image src=\u00bbhttps:\/\/candidaturamisteri.umh.es\/files\/2023\/01\/6dc532f4-0f49-4797-931d-580d2bc16ce4_16-9-aspect-ratio_default_0.jpg\u00bb title_text=\u00bb6dc532f4-0f49-4797-931d-580d2bc16ce4_16-9-aspect-ratio_default_0&#8243; _builder_version=\u00bb4.17.4&#8243; _module_preset=\u00bbdefault\u00bb global_colors_info=\u00bb{}\u00bb][\/et_pb_image][\/et_pb_column][et_pb_column type=\u00bb3_5&#8243; _builder_version=\u00bb4.17.4&#8243; _module_preset=\u00bbdefault\u00bb global_colors_info=\u00bb{}\u00bb][et_pb_text _builder_version=\u00bb4.17.4&#8243; _module_preset=\u00bbdefault\u00bb text_font=\u00bb||||||||\u00bb text_font_size=\u00bb15px\u00bb width=\u00bb100%\u00bb link_option_url=\u00bbhttps:\/\/www.misteridelx.com\/\u00bb link_option_url_new_window=\u00bbon\u00bb global_colors_info=\u00bb{}\u00bb]<\/p>\n<p class=\"article-subtitle headline-article__subtitle\" style=\"text-align: justify\">El Gobierno de la Segunda Rep\u00fablica aprobaba el 15 de septiembre de 1931 un decreto por el que el <em>Misteri d&#8217;Elx o La Festa<\/em>\u00a0consegu\u00eda la declaraci\u00f3n de Monumento Nacional. La fiesta del pueblo de Elche y una de las expresiones de la identidad local por excelencia para los ilicitanos se convert\u00eda de este modo en la \u00fanica obra no material que se declaraba en Espa\u00f1a.<\/p>\n<p class=\"article-subtitle headline-article__subtitle\">M\u00e1s informaci\u00f3n en <a href=\"https:\/\/www.misteridelx.com\/misteri-historia\/\" title=\"misteridelx\">https:\/\/www.misteridelx.com\/<\/a><\/p>\n<p class=\"article-subtitle headline-article__subtitle\">\n<p>[\/et_pb_text][\/et_pb_column][\/et_pb_row][et_pb_row column_structure=\u00bb2_3,1_3&#8243; _builder_version=\u00bb4.17.4&#8243; _module_preset=\u00bbdefault\u00bb min_height=\u00bb246.2px\u00bb custom_margin=\u00bb15px|auto|22px|auto||\u00bb custom_padding=\u00bb||47px|||\u00bb global_colors_info=\u00bb{}\u00bb][et_pb_column type=\u00bb2_3&#8243; _builder_version=\u00bb4.17.4&#8243; _module_preset=\u00bbdefault\u00bb global_colors_info=\u00bb{}\u00bb][et_pb_text _builder_version=\u00bb4.17.4&#8243; _module_preset=\u00bbdefault\u00bb text_font_size=\u00bb15px\u00bb width=\u00bb87%\u00bb module_alignment=\u00bbcenter\u00bb global_colors_info=\u00bb{}\u00bb]<\/p>\n<p style=\"text-align: justify\"><span>En 2001, la UNESCO incluy\u00f3 el <em>Misteri o La Festa<\/em> en la primera Proclamaci\u00f3n de las Obras Maestras del Patrimonio Oral e Inmaterial de la Humanidad. Desde entonces, ha recibido numerosos galardones, menciones, premios y reconocimientos. <\/span><span style=\"font-size: 15px\">El <\/span><em style=\"font-size: 15px\">Misteri d&#8217;Elx<\/em><span style=\"font-size: 15px\"> es un tesoro cultural del pueblo de Elche y una de las joyas m\u00e1s preciadas del patrimonio valenciano.<\/span><\/p>\n<p>M\u00e1s informaci\u00f3n en <a href=\"https:\/\/ich.unesco.org\/es\/RL\/el-misterio-de-elche-00018\" title=\"https:\/\/ich.unesco.org\">https:\/\/ich.unesco.org\/es\/RL\/el-misterio-de-elche-00018<\/a><\/p>\n<p>[\/et_pb_text][\/et_pb_column][et_pb_column type=\u00bb1_3&#8243; _builder_version=\u00bb4.17.4&#8243; _module_preset=\u00bbdefault\u00bb global_colors_info=\u00bb{}\u00bb][et_pb_image src=\u00bbhttps:\/\/candidaturamisteri.umh.es\/files\/2023\/01\/FOTO-MISTERI-2.png\u00bb title_text=\u00bbFOTO MISTERI 2&#8243; _builder_version=\u00bb4.17.4&#8243; _module_preset=\u00bbdefault\u00bb transform_scale=\u00bb126%|126%\u00bb global_colors_info=\u00bb{}\u00bb][\/et_pb_image][\/et_pb_column][\/et_pb_row][et_pb_row _builder_version=\u00bb4.17.4&#8243; _module_preset=\u00bbdefault\u00bb custom_margin=\u00bb59px|auto||auto||\u00bb custom_padding=\u00bb24px|||||\u00bb global_colors_info=\u00bb{}\u00bb][et_pb_column type=\u00bb4_4&#8243; _builder_version=\u00bb4.17.4&#8243; _module_preset=\u00bbdefault\u00bb global_colors_info=\u00bb{}\u00bb][et_pb_text _builder_version=\u00bb4.17.4&#8243; _module_preset=\u00bbdefault\u00bb text_font=\u00bbAlegreya Sans|700|||||||\u00bb text_text_color=\u00bb#fbca31&#8243; text_font_size=\u00bb42px\u00bb custom_margin=\u00bb19px||-51px|||\u00bb custom_padding=\u00bb0px||88px|||\u00bb global_colors_info=\u00bb{}\u00bb]<\/p>\n<p style=\"text-align: center\">La C\u00e1tedra Institucional Misteri d&#8217;Elx<\/p>\n<p>[\/et_pb_text][et_pb_text _builder_version=\u00bb4.17.4&#8243; _module_preset=\u00bbdefault\u00bb text_font_size=\u00bb15px\u00bb custom_padding=\u00bb24px||0px|||\u00bb global_colors_info=\u00bb{}\u00bb]<\/p>\n<p style=\"text-align: justify\"><span>La C\u00e1tedra\u00a0<\/span><em>Misteri d\u2019Elx<\/em><span> es una entidad de la Universidad Miguel Hern\u00e1ndez (UMH) de Elche encargada de impulsar los estudios cient\u00edficos sobre el drama sacro-l\u00edrico del <\/span><em>Misteri<\/em><span>, fiesta secular del pueblo ilicitano.\u00a0<\/span><\/p>\n<p style=\"text-align: justify\"><span>La creaci\u00f3n de la C\u00e1tedra\u00a0<em>Misteri d\u2019Elx<\/em>, al igual que las dem\u00e1s c\u00e1tedras especiales de la Universidad Miguel Hern\u00e1ndez (UMH) de Elche, responde a una vocaci\u00f3n de \u201cpromover la creaci\u00f3n, desarrollo, transmisi\u00f3n y cr\u00edtica de la ciencia, la t\u00e9cnica y la cultura, en estrecha relaci\u00f3n con el resto de la comunidad cient\u00edfica y cultural, as\u00ed como la proyecci\u00f3n de actividades culturales hacia la sociedad\u00a0 y de \u00e9sta hacia la propia comunidad universitaria\u201d. En definitiva su esp\u00edritu es el de contribuir desde el \u00e1mbito universitario a complementar la importante labor desarrollada desde la propia sociedad ilicitana y sus instituciones, especialmente el propio Patronato del <em>Misteri d&#8217;Elx<\/em>.<\/span><\/p>\n<p style=\"text-align: justify\">Conoce m\u00e1s sobre esta entidad en <a href=\"https:\/\/catedramisteri.umh.es\/\">https:\/\/catedramisteri.umh.es\/<\/a><span><\/span><\/p>\n<p><span><\/span><\/p>\n<p><span><\/span><\/p>\n<p>[\/et_pb_text][\/et_pb_column][\/et_pb_row][\/et_pb_section]<\/p>\n","protected":false},"excerpt":{"rendered":"<p>P\u00e1gina de presentaci\u00f3n de la unidad organizativa<\/p>\n","protected":false},"author":1,"featured_media":0,"parent":0,"menu_order":0,"comment_status":"closed","ping_status":"open","template":"","meta":{"_et_pb_use_builder":"on","_et_pb_old_content":"","_et_gb_content_width":"","_links_to":"","_links_to_target":""},"_links":{"self":[{"href":"https:\/\/candidaturamisteri.umh.es\/es\/wp-json\/wp\/v2\/pages\/10"}],"collection":[{"href":"https:\/\/candidaturamisteri.umh.es\/es\/wp-json\/wp\/v2\/pages"}],"about":[{"href":"https:\/\/candidaturamisteri.umh.es\/es\/wp-json\/wp\/v2\/types\/page"}],"author":[{"embeddable":true,"href":"https:\/\/candidaturamisteri.umh.es\/es\/wp-json\/wp\/v2\/users\/1"}],"replies":[{"embeddable":true,"href":"https:\/\/candidaturamisteri.umh.es\/es\/wp-json\/wp\/v2\/comments?post=10"}],"version-history":[{"count":0,"href":"https:\/\/candidaturamisteri.umh.es\/es\/wp-json\/wp\/v2\/pages\/10\/revisions"}],"wp:attachment":[{"href":"https:\/\/candidaturamisteri.umh.es\/es\/wp-json\/wp\/v2\/media?parent=10"}],"curies":[{"name":"wp","href":"https:\/\/api.w.org\/{rel}","templated":true}]}}